{"id":5,"date":"2020-09-29T08:50:16","date_gmt":"2020-09-29T08:50:16","guid":{"rendered":"https:\/\/lamas-stuttgart.de\/?page_id=5"},"modified":"2022-11-03T12:21:13","modified_gmt":"2022-11-03T12:21:13","slug":"lamas-stuttgart","status":"publish","type":"page","link":"https:\/\/lamas-stuttgart.de\/","title":{"rendered":"Lamas Stuttgart"},"content":{"rendered":"\t\t<div data-elementor-type=\"wp-page\" data-elementor-id=\"5\" class=\"elementor elementor-5\">\n\t\t\t\t\t\t<section class=\"elementor-section elementor-top-section elementor-element elementor-element-5db85ed elementor-section-full_width elementor-section-stretched elementor-section-height-default elementor-section-height-default\" data-id=\"5db85ed\" data-element_type=\"section\" data-settings=\"{&quot;stretch_section&quot;:&quot;section-stretched&quot;}\">\n\t\t\t\t\t\t<div class=\"elementor-container elementor-column-gap-default\">\n\t\t\t\t\t<div class=\"elementor-column elementor-col-100 elementor-top-column elementor-element elementor-element-49e593b\" data-id=\"49e593b\" data-element_type=\"column\">\n\t\t\t<div class=\"elementor-widget-wrap elementor-element-populated\">\n\t\t\t\t\t\t<div class=\"elementor-element elementor-element-5101256 elementor-widget__width-inherit elementor-widget elementor-widget-image\" data-id=\"5101256\" data-element_type=\"widget\" data-widget_type=\"image.default\">\n\t\t\t\t<div class=\"elementor-widget-container\">\n\t\t\t\t\t\t\t\t\t\t\t\t\t\t\t<img fetchpriority=\"high\" decoding=\"async\" width=\"1024\" height=\"171\" src=\"https:\/\/lamas-stuttgart.de\/wp-content\/uploads\/2020\/09\/head_lamas-1024x171.jpg\" class=\"attachment-large size-large wp-image-98\" alt=\"\" srcset=\"https:\/\/lamas-stuttgart.de\/wp-content\/uploads\/2020\/09\/head_lamas-1024x171.jpg 1024w, https:\/\/lamas-stuttgart.de\/wp-content\/uploads\/2020\/09\/head_lamas-300x50.jpg 300w, https:\/\/lamas-stuttgart.de\/wp-content\/uploads\/2020\/09\/head_lamas-768x128.jpg 768w, https:\/\/lamas-stuttgart.de\/wp-content\/uploads\/2020\/09\/head_lamas-1536x256.jpg 1536w, https:\/\/lamas-stuttgart.de\/wp-content\/uploads\/2020\/09\/head_lamas-2048x341.jpg 2048w, https:\/\/lamas-stuttgart.de\/wp-content\/uploads\/2020\/09\/head_lamas-scaled.jpg 1000w\" sizes=\"(max-width: 1024px) 100vw, 1024px\" \/>\t\t\t\t\t\t\t\t\t\t\t\t\t\t\t<\/div>\n\t\t\t\t<\/div>\n\t\t\t\t<div class=\"elementor-element elementor-element-f27e8d0 elementor-widget elementor-widget-spacer\" data-id=\"f27e8d0\" data-element_type=\"widget\" data-widget_type=\"spacer.default\">\n\t\t\t\t<div class=\"elementor-widget-container\">\n\t\t\t\t\t\t\t<div class=\"elementor-spacer\">\n\t\t\t<div class=\"elementor-spacer-inner\"><\/div>\n\t\t<\/div>\n\t\t\t\t\t\t<\/div>\n\t\t\t\t<\/div>\n\t\t\t\t\t<\/div>\n\t\t<\/div>\n\t\t\t\t\t<\/div>\n\t\t<\/section>\n\t\t\t\t<section class=\"elementor-section elementor-top-section elementor-element elementor-element-0d4290b elementor-section-boxed elementor-section-height-default elementor-section-height-default\" data-id=\"0d4290b\" data-element_type=\"section\">\n\t\t\t\t\t\t<div class=\"elementor-container elementor-column-gap-default\">\n\t\t\t\t\t<div class=\"elementor-column elementor-col-100 elementor-top-column elementor-element elementor-element-d6a89df\" data-id=\"d6a89df\" data-element_type=\"column\">\n\t\t\t<div class=\"elementor-widget-wrap elementor-element-populated\">\n\t\t\t\t\t\t<section class=\"elementor-section elementor-inner-section elementor-element elementor-element-44566b0 elementor-section-full_width elementor-section-height-default elementor-section-height-default\" data-id=\"44566b0\" data-element_type=\"section\">\n\t\t\t\t\t\t<div class=\"elementor-container elementor-column-gap-wide\">\n\t\t\t\t\t<div class=\"elementor-column elementor-col-50 elementor-inner-column elementor-element elementor-element-e5b5e28\" data-id=\"e5b5e28\" data-element_type=\"column\">\n\t\t\t<div class=\"elementor-widget-wrap\">\n\t\t\t\t\t\t\t<\/div>\n\t\t<\/div>\n\t\t\t\t<div class=\"elementor-column elementor-col-50 elementor-inner-column elementor-element elementor-element-8cfd621\" data-id=\"8cfd621\" data-element_type=\"column\">\n\t\t\t<div class=\"elementor-widget-wrap elementor-element-populated\">\n\t\t\t\t\t\t<div class=\"elementor-element elementor-element-3fc2e58 elementor-widget elementor-widget-video\" data-id=\"3fc2e58\" data-element_type=\"widget\" data-settings=\"{&quot;youtube_url&quot;:&quot;https:\\\/\\\/www.youtube.com\\\/watch?time_continue=13&amp;v=UerNKE0ckgI&amp;feature=emb_logo&quot;,&quot;video_type&quot;:&quot;youtube&quot;,&quot;controls&quot;:&quot;yes&quot;}\" data-widget_type=\"video.default\">\n\t\t\t\t<div class=\"elementor-widget-container\">\n\t\t\t\t\t\t\t<div class=\"elementor-wrapper elementor-open-inline\">\n\t\t\t<div class=\"elementor-video\"><\/div>\t\t<\/div>\n\t\t\t\t\t\t<\/div>\n\t\t\t\t<\/div>\n\t\t\t\t\t<\/div>\n\t\t<\/div>\n\t\t\t\t\t<\/div>\n\t\t<\/section>\n\t\t\t\t<div class=\"elementor-element elementor-element-d2ea758 elementor-widget elementor-widget-text-editor\" data-id=\"d2ea758\" data-element_type=\"widget\" data-widget_type=\"text-editor.default\">\n\t\t\t\t<div class=\"elementor-widget-container\">\n\t\t\t\t\t\t\t\t\t<p data-content-guid=\"u807-5_content\"><strong>\u00dcber unsere Lamas und Alpakas\u200b<\/strong><\/p><p data-content-guid=\"u807-5_content\">F\u00fcr Unternehmungen mit unseren G\u00e4sten stehen insgesamt 13 Tiere zur Verf\u00fcgung &#8211; 7 Lamas und 6 Alpakas. Es sind 8 Wallache und 5 Hengste, die auch als Deckhengste zur Verf\u00fcgung stehen. Unter den Lamas sind auch zwei seltenere Suris mit ihrem gl\u00e4nzenden, welligen Vlies. Au\u00dferdem gibt es noch ein Huarizo, das ist eine Kreuzung zwischen Lama und Alpaka. Die Kameliden haben ein Alter zwischen drei und dreizehn Jahren und sind alle Trekking-ausgebildet und kindererfahren.<\/p><p data-content-guid=\"u807-10_content\">Hier geht es zu meinem <span style=\"text-decoration: underline;\"><a href=\"https:\/\/www.ulmer.de\/Freizeitspass-mit-Lamas-und-Alpakas,L1VMTUVSU0hPUF9ERVRBSUw_U0hPUF9JRD00NzMwNjUzJk1JRD0zMjEw.html?UID=C7EBB8A792F2970D8EB1B81AD49BFC89040F09E4BF5BD82D\" target=\"_blank\" rel=\"noopener\">Buch \u00fcber Lamas<\/a>,<\/span> erschienen im Ulmer Verlag! Und hier kommen unsere Tiere:<\/p>\t\t\t\t\t\t\t\t<\/div>\n\t\t\t\t<\/div>\n\t\t\t\t<div class=\"elementor-element elementor-element-54cdeb4 elementor-widget elementor-widget-accordion\" data-id=\"54cdeb4\" data-element_type=\"widget\" data-widget_type=\"accordion.default\">\n\t\t\t\t<div class=\"elementor-widget-container\">\n\t\t\t\t\t\t\t<div class=\"elementor-accordion\">\n\t\t\t\t\t\t\t<div class=\"elementor-accordion-item\">\n\t\t\t\t\t<div id=\"elementor-tab-title-8891\" class=\"elementor-tab-title\" data-tab=\"1\" role=\"button\" aria-controls=\"elementor-tab-content-8891\" aria-expanded=\"false\">\n\t\t\t\t\t\t\t\t\t\t\t\t<a class=\"elementor-accordion-title\" tabindex=\"0\"><\/a>\n\t\t\t\t\t<\/div>\n\t\t\t\t\t<div id=\"elementor-tab-content-8891\" class=\"elementor-tab-content elementor-clearfix\" data-tab=\"1\" role=\"region\" aria-labelledby=\"elementor-tab-title-8891\"><\/div>\n\t\t\t\t<\/div>\n\t\t\t\t\t\t\t<div class=\"elementor-accordion-item\">\n\t\t\t\t\t<div id=\"elementor-tab-title-8892\" class=\"elementor-tab-title\" data-tab=\"2\" role=\"button\" aria-controls=\"elementor-tab-content-8892\" aria-expanded=\"false\">\n\t\t\t\t\t\t\t\t\t\t\t\t<a class=\"elementor-accordion-title\" tabindex=\"0\">Jamie<\/a>\n\t\t\t\t\t<\/div>\n\t\t\t\t\t<div id=\"elementor-tab-content-8892\" class=\"elementor-tab-content elementor-clearfix\" data-tab=\"2\" role=\"region\" aria-labelledby=\"elementor-tab-title-8892\"><p id=\"u23106-2\"><span class=\"Akkordeon-Text-2\"><img decoding=\"async\" class=\"alignnone size-medium wp-image-35\" src=\"https:\/\/lamas-stuttgart.de\/wp-content\/uploads\/2020\/09\/a-Jamie-300x261.jpg\" alt=\"\" width=\"300\" height=\"261\" srcset=\"https:\/\/lamas-stuttgart.de\/wp-content\/uploads\/2020\/09\/a-Jamie-300x261.jpg 300w, https:\/\/lamas-stuttgart.de\/wp-content\/uploads\/2020\/09\/a-Jamie-1024x891.jpg 1024w, https:\/\/lamas-stuttgart.de\/wp-content\/uploads\/2020\/09\/a-Jamie-768x668.jpg 768w, https:\/\/lamas-stuttgart.de\/wp-content\/uploads\/2020\/09\/a-Jamie-1536x1336.jpg 1536w, https:\/\/lamas-stuttgart.de\/wp-content\/uploads\/2020\/09\/a-Jamie-2048x1782.jpg 2048w, https:\/\/lamas-stuttgart.de\/wp-content\/uploads\/2020\/09\/a-Jamie.jpg 1000w\" sizes=\"(max-width: 300px) 100vw, 300px\" \/><\/span><span id=\"u23106\" class=\"Akkordeon-Text-2\"><strong>&#8222;Jamie&#8220;, Appaloosa-Llama, geb. 2017<\/strong><br \/><\/span><span class=\"Akkordeon-Text-2\">Eigentlich sollte bei 10 Tieren Schluss sein, aber da gepunktete Lamas selten und gefragt sind und sich eine g\u00fcnstige Gelegenheit bot, konnten wir nicht widerstehen&#8230; Und wir haben uns den &#8222;Richtigen&#8220; ausgesucht &#8211; ein absoluter Hingucker!<\/span><\/p><\/div>\n\t\t\t\t<\/div>\n\t\t\t\t\t\t\t<div class=\"elementor-accordion-item\">\n\t\t\t\t\t<div id=\"elementor-tab-title-8893\" class=\"elementor-tab-title\" data-tab=\"3\" role=\"button\" aria-controls=\"elementor-tab-content-8893\" aria-expanded=\"false\">\n\t\t\t\t\t\t\t\t\t\t\t\t<a class=\"elementor-accordion-title\" tabindex=\"0\">Aramis<\/a>\n\t\t\t\t\t<\/div>\n\t\t\t\t\t<div id=\"elementor-tab-content-8893\" class=\"elementor-tab-content elementor-clearfix\" data-tab=\"3\" role=\"region\" aria-labelledby=\"elementor-tab-title-8893\"><p id=\"u19364-2\"><span id=\"u19364\" class=\"Akkordeon-570-Head\"><img decoding=\"async\" class=\"alignnone size-medium wp-image-37\" src=\"https:\/\/lamas-stuttgart.de\/wp-content\/uploads\/2020\/09\/a-Aramis-300x180.jpg\" alt=\"\" width=\"300\" height=\"180\" srcset=\"https:\/\/lamas-stuttgart.de\/wp-content\/uploads\/2020\/09\/a-Aramis-300x180.jpg 300w, https:\/\/lamas-stuttgart.de\/wp-content\/uploads\/2020\/09\/a-Aramis-1024x614.jpg 1024w, https:\/\/lamas-stuttgart.de\/wp-content\/uploads\/2020\/09\/a-Aramis-768x460.jpg 768w, https:\/\/lamas-stuttgart.de\/wp-content\/uploads\/2020\/09\/a-Aramis-1536x921.jpg 1536w, https:\/\/lamas-stuttgart.de\/wp-content\/uploads\/2020\/09\/a-Aramis-2048x1228.jpg 2048w, https:\/\/lamas-stuttgart.de\/wp-content\/uploads\/2020\/09\/a-Aramis.jpg 1000w\" sizes=\"(max-width: 300px) 100vw, 300px\" \/><strong>\u201eAramis\u201c, Suri Llama, geb. 2014<\/strong><br \/><\/span><span id=\"u19364-3\" class=\"Akkordeon-Text-2\">Ein absoluter Hingucker \u2013 eben sch\u00f6n wie Aramis von den drei Musketieren.<\/span><\/p><\/div>\n\t\t\t\t<\/div>\n\t\t\t\t\t\t\t<div class=\"elementor-accordion-item\">\n\t\t\t\t\t<div id=\"elementor-tab-title-8894\" class=\"elementor-tab-title\" data-tab=\"4\" role=\"button\" aria-controls=\"elementor-tab-content-8894\" aria-expanded=\"false\">\n\t\t\t\t\t\t\t\t\t\t\t\t<a class=\"elementor-accordion-title\" tabindex=\"0\">Avalon<\/a>\n\t\t\t\t\t<\/div>\n\t\t\t\t\t<div id=\"elementor-tab-content-8894\" class=\"elementor-tab-content elementor-clearfix\" data-tab=\"4\" role=\"region\" aria-labelledby=\"elementor-tab-title-8894\"><p id=\"u19382-2\"><span id=\"u19382\" class=\"Akkordeon-570-Head\"><strong><img loading=\"lazy\" decoding=\"async\" class=\"alignnone size-medium wp-image-38\" src=\"https:\/\/lamas-stuttgart.de\/wp-content\/uploads\/2020\/09\/a-Avalon-300x180.jpg\" alt=\"\" width=\"300\" height=\"180\" srcset=\"https:\/\/lamas-stuttgart.de\/wp-content\/uploads\/2020\/09\/a-Avalon-300x180.jpg 300w, https:\/\/lamas-stuttgart.de\/wp-content\/uploads\/2020\/09\/a-Avalon-1024x614.jpg 1024w, https:\/\/lamas-stuttgart.de\/wp-content\/uploads\/2020\/09\/a-Avalon-768x460.jpg 768w, https:\/\/lamas-stuttgart.de\/wp-content\/uploads\/2020\/09\/a-Avalon-1536x921.jpg 1536w, https:\/\/lamas-stuttgart.de\/wp-content\/uploads\/2020\/09\/a-Avalon-2048x1228.jpg 2048w, https:\/\/lamas-stuttgart.de\/wp-content\/uploads\/2020\/09\/a-Avalon.jpg 1000w\" sizes=\"(max-width: 300px) 100vw, 300px\" \/>\u201eAvalon\u201c, Classic Llama, geb. 2007<\/strong><br \/><\/span><span id=\"u19382-3\" class=\"Akkordeon-Text-2\">Er sollte etwas mehr auf seine Figur achten \u2013 es ist aber wohl aussichtslos! Auch unterwegs bleibt er an jedem Grashalm stehen und muss zum Weiterlaufen \u201e\u00fcberredet\u201c werden. Ansonsten ist er total lieb und kann auch vom kleinsten Kind gef\u00fchrt werden.<\/span><\/p><\/div>\n\t\t\t\t<\/div>\n\t\t\t\t\t\t\t<div class=\"elementor-accordion-item\">\n\t\t\t\t\t<div id=\"elementor-tab-title-8895\" class=\"elementor-tab-title\" data-tab=\"5\" role=\"button\" aria-controls=\"elementor-tab-content-8895\" aria-expanded=\"false\">\n\t\t\t\t\t\t\t\t\t\t\t\t<a class=\"elementor-accordion-title\" tabindex=\"0\">da Vinci<\/a>\n\t\t\t\t\t<\/div>\n\t\t\t\t\t<div id=\"elementor-tab-content-8895\" class=\"elementor-tab-content elementor-clearfix\" data-tab=\"5\" role=\"region\" aria-labelledby=\"elementor-tab-title-8895\"><p id=\"u19390-2\"><span id=\"u19390\" class=\"Akkordeon-570-Head\"><img loading=\"lazy\" decoding=\"async\" class=\"alignnone size-medium wp-image-50\" src=\"https:\/\/lamas-stuttgart.de\/wp-content\/uploads\/2020\/09\/a2-Leonardo-300x180.jpg\" alt=\"\" width=\"300\" height=\"180\" srcset=\"https:\/\/lamas-stuttgart.de\/wp-content\/uploads\/2020\/09\/a2-Leonardo-300x180.jpg 300w, https:\/\/lamas-stuttgart.de\/wp-content\/uploads\/2020\/09\/a2-Leonardo-1024x614.jpg 1024w, https:\/\/lamas-stuttgart.de\/wp-content\/uploads\/2020\/09\/a2-Leonardo-768x460.jpg 768w, https:\/\/lamas-stuttgart.de\/wp-content\/uploads\/2020\/09\/a2-Leonardo-1536x921.jpg 1536w, https:\/\/lamas-stuttgart.de\/wp-content\/uploads\/2020\/09\/a2-Leonardo-2048x1228.jpg 2048w, https:\/\/lamas-stuttgart.de\/wp-content\/uploads\/2020\/09\/a2-Leonardo.jpg 1000w\" sizes=\"(max-width: 300px) 100vw, 300px\" \/><strong>\u201eda Vinci\u201c, Classic Llama, geb. 2009<\/strong><br \/><\/span><span id=\"u19390-3\" class=\"Akkordeon-Text-2\">Der aufm\u00fcpfige Ausbrecherk\u00f6nig, der immer mal wieder seine Grenzen austesten muss!<\/span><\/p><\/div>\n\t\t\t\t<\/div>\n\t\t\t\t\t\t\t<div class=\"elementor-accordion-item\">\n\t\t\t\t\t<div id=\"elementor-tab-title-8896\" class=\"elementor-tab-title\" data-tab=\"6\" role=\"button\" aria-controls=\"elementor-tab-content-8896\" aria-expanded=\"false\">\n\t\t\t\t\t\t\t\t\t\t\t\t<a class=\"elementor-accordion-title\" tabindex=\"0\">Giacomo<\/a>\n\t\t\t\t\t<\/div>\n\t\t\t\t\t<div id=\"elementor-tab-content-8896\" class=\"elementor-tab-content elementor-clearfix\" data-tab=\"6\" role=\"region\" aria-labelledby=\"elementor-tab-title-8896\"><p id=\"u19348-2\"><span id=\"u19348\" class=\"Akkordeon-570-Head\"><strong><img loading=\"lazy\" decoding=\"async\" class=\"alignnone size-medium wp-image-41\" src=\"https:\/\/lamas-stuttgart.de\/wp-content\/uploads\/2020\/09\/a-Giacomo-300x180.jpg\" alt=\"\" width=\"300\" height=\"180\" srcset=\"https:\/\/lamas-stuttgart.de\/wp-content\/uploads\/2020\/09\/a-Giacomo-300x180.jpg 300w, https:\/\/lamas-stuttgart.de\/wp-content\/uploads\/2020\/09\/a-Giacomo-1024x614.jpg 1024w, https:\/\/lamas-stuttgart.de\/wp-content\/uploads\/2020\/09\/a-Giacomo-768x460.jpg 768w, https:\/\/lamas-stuttgart.de\/wp-content\/uploads\/2020\/09\/a-Giacomo-1536x921.jpg 1536w, https:\/\/lamas-stuttgart.de\/wp-content\/uploads\/2020\/09\/a-Giacomo-2048x1228.jpg 2048w, https:\/\/lamas-stuttgart.de\/wp-content\/uploads\/2020\/09\/a-Giacomo.jpg 1000w\" sizes=\"(max-width: 300px) 100vw, 300px\" \/>\u201eGiacomo\u201c, Huacaya-Alpaka, geb. 2007<\/strong><br \/><\/span><span id=\"u19348-3\" class=\"Akkordeon-Text-2\">Sch\u00fcchtern und zur\u00fcckhaltend gegen\u00fcber Menschen, aber der Liebling vieler Kinder.<\/span><\/p><\/div>\n\t\t\t\t<\/div>\n\t\t\t\t\t\t\t<div class=\"elementor-accordion-item\">\n\t\t\t\t\t<div id=\"elementor-tab-title-8897\" class=\"elementor-tab-title\" data-tab=\"7\" role=\"button\" aria-controls=\"elementor-tab-content-8897\" aria-expanded=\"false\">\n\t\t\t\t\t\t\t\t\t\t\t\t<a class=\"elementor-accordion-title\" tabindex=\"0\">Janosch<\/a>\n\t\t\t\t\t<\/div>\n\t\t\t\t\t<div id=\"elementor-tab-content-8897\" class=\"elementor-tab-content elementor-clearfix\" data-tab=\"7\" role=\"region\" aria-labelledby=\"elementor-tab-title-8897\"><p id=\"u19359-2\"><span id=\"u19359\" class=\"Akkordeon-570-Head\"><img loading=\"lazy\" decoding=\"async\" class=\"alignnone size-medium wp-image-43\" src=\"https:\/\/lamas-stuttgart.de\/wp-content\/uploads\/2020\/09\/a-Janosch-300x180.jpg\" alt=\"\" width=\"300\" height=\"180\" srcset=\"https:\/\/lamas-stuttgart.de\/wp-content\/uploads\/2020\/09\/a-Janosch-300x180.jpg 300w, https:\/\/lamas-stuttgart.de\/wp-content\/uploads\/2020\/09\/a-Janosch-1024x614.jpg 1024w, https:\/\/lamas-stuttgart.de\/wp-content\/uploads\/2020\/09\/a-Janosch-768x460.jpg 768w, https:\/\/lamas-stuttgart.de\/wp-content\/uploads\/2020\/09\/a-Janosch-1536x921.jpg 1536w, https:\/\/lamas-stuttgart.de\/wp-content\/uploads\/2020\/09\/a-Janosch-2048x1228.jpg 2048w, https:\/\/lamas-stuttgart.de\/wp-content\/uploads\/2020\/09\/a-Janosch.jpg 1000w\" sizes=\"(max-width: 300px) 100vw, 300px\" \/><strong>\u201eJanosch\u201c, Huarizo (Kreuzung Lama\/Alpaka), geb. 2009<\/strong><br \/><\/span><span id=\"u19359-3\" class=\"Akkordeon-Text-2\">Er liebt es, durch jedes Dickicht hindurch zu gehen \u2013 das ist wie eine Massage f\u00fcr ihn!<\/span><\/p><\/div>\n\t\t\t\t<\/div>\n\t\t\t\t\t\t\t<div class=\"elementor-accordion-item\">\n\t\t\t\t\t<div id=\"elementor-tab-title-8898\" class=\"elementor-tab-title\" data-tab=\"8\" role=\"button\" aria-controls=\"elementor-tab-content-8898\" aria-expanded=\"false\">\n\t\t\t\t\t\t\t\t\t\t\t\t<a class=\"elementor-accordion-title\" tabindex=\"0\">Melvin<\/a>\n\t\t\t\t\t<\/div>\n\t\t\t\t\t<div id=\"elementor-tab-content-8898\" class=\"elementor-tab-content elementor-clearfix\" data-tab=\"8\" role=\"region\" aria-labelledby=\"elementor-tab-title-8898\"><p id=\"u19351-2\"><span id=\"u19351\" class=\"Akkordeon-570-Head\"><img loading=\"lazy\" decoding=\"async\" class=\"alignnone size-medium wp-image-45\" src=\"https:\/\/lamas-stuttgart.de\/wp-content\/uploads\/2020\/09\/a-Melvin-300x180.jpg\" alt=\"\" width=\"300\" height=\"180\" srcset=\"https:\/\/lamas-stuttgart.de\/wp-content\/uploads\/2020\/09\/a-Melvin-300x180.jpg 300w, https:\/\/lamas-stuttgart.de\/wp-content\/uploads\/2020\/09\/a-Melvin-1024x614.jpg 1024w, https:\/\/lamas-stuttgart.de\/wp-content\/uploads\/2020\/09\/a-Melvin-768x460.jpg 768w, https:\/\/lamas-stuttgart.de\/wp-content\/uploads\/2020\/09\/a-Melvin-1536x921.jpg 1536w, https:\/\/lamas-stuttgart.de\/wp-content\/uploads\/2020\/09\/a-Melvin-2048x1228.jpg 2048w, https:\/\/lamas-stuttgart.de\/wp-content\/uploads\/2020\/09\/a-Melvin.jpg 1000w\" sizes=\"(max-width: 300px) 100vw, 300px\" \/><strong>\u201eMelvin\u201c, Huacaya-Alpaka, geb. 2008<\/strong><br \/><\/span><span id=\"u19351-3\" class=\"Akkordeon-Text-2\">Er hat die stylischste Frisur \u2013 und ist sich dessen voll bewusst!<\/span><\/p><\/div>\n\t\t\t\t<\/div>\n\t\t\t\t\t\t\t<div class=\"elementor-accordion-item\">\n\t\t\t\t\t<div id=\"elementor-tab-title-8899\" class=\"elementor-tab-title\" data-tab=\"9\" role=\"button\" aria-controls=\"elementor-tab-content-8899\" aria-expanded=\"false\">\n\t\t\t\t\t\t\t\t\t\t\t\t<a class=\"elementor-accordion-title\" tabindex=\"0\">Samu<\/a>\n\t\t\t\t\t<\/div>\n\t\t\t\t\t<div id=\"elementor-tab-content-8899\" class=\"elementor-tab-content elementor-clearfix\" data-tab=\"9\" role=\"region\" aria-labelledby=\"elementor-tab-title-8899\"><p><strong><span class=\"Akkordeon-570-Head\"><img loading=\"lazy\" decoding=\"async\" class=\"alignnone size-medium wp-image-47\" src=\"https:\/\/lamas-stuttgart.de\/wp-content\/uploads\/2020\/09\/a-Samu-300x300.jpg\" alt=\"\" width=\"300\" height=\"300\" srcset=\"https:\/\/lamas-stuttgart.de\/wp-content\/uploads\/2020\/09\/a-Samu-300x300.jpg 300w, https:\/\/lamas-stuttgart.de\/wp-content\/uploads\/2020\/09\/a-Samu-1024x1024.jpg 1024w, https:\/\/lamas-stuttgart.de\/wp-content\/uploads\/2020\/09\/a-Samu-150x150.jpg 150w, https:\/\/lamas-stuttgart.de\/wp-content\/uploads\/2020\/09\/a-Samu-768x768.jpg 768w, https:\/\/lamas-stuttgart.de\/wp-content\/uploads\/2020\/09\/a-Samu.jpg 1000w\" sizes=\"(max-width: 300px) 100vw, 300px\" \/>&#8222;Samu&#8220; Medium Woolly Llama, geb. 2017<\/span><\/strong><span class=\"Akkordeon-Text-2\"><strong>.<\/strong><br \/><\/span><span class=\"Akkordeon-Text-2\">Unser Nesth\u00e4kchen, das bereits im Alter von <\/span><span class=\"Akkordeon-Text-2\">6 Monaten auf einer Lama-Show in Ingolstadt 3 Preise gewonnen hat!<\/span><\/p><\/div>\n\t\t\t\t<\/div>\n\t\t\t\t\t\t\t<div class=\"elementor-accordion-item\">\n\t\t\t\t\t<div id=\"elementor-tab-title-88910\" class=\"elementor-tab-title\" data-tab=\"10\" role=\"button\" aria-controls=\"elementor-tab-content-88910\" aria-expanded=\"false\">\n\t\t\t\t\t\t\t\t\t\t\t\t<a class=\"elementor-accordion-title\" tabindex=\"0\">Shannon<\/a>\n\t\t\t\t\t<\/div>\n\t\t\t\t\t<div id=\"elementor-tab-content-88910\" class=\"elementor-tab-content elementor-clearfix\" data-tab=\"10\" role=\"region\" aria-labelledby=\"elementor-tab-title-88910\"><p id=\"u20125-2\" class=\"head-1\"><span id=\"u20125\" class=\"Akkordeon-570-Head\"><strong><img loading=\"lazy\" decoding=\"async\" class=\"alignnone size-medium wp-image-48\" src=\"https:\/\/lamas-stuttgart.de\/wp-content\/uploads\/2020\/09\/a-Shannon-300x180.jpg\" alt=\"\" width=\"300\" height=\"180\" srcset=\"https:\/\/lamas-stuttgart.de\/wp-content\/uploads\/2020\/09\/a-Shannon-300x180.jpg 300w, https:\/\/lamas-stuttgart.de\/wp-content\/uploads\/2020\/09\/a-Shannon-1024x614.jpg 1024w, https:\/\/lamas-stuttgart.de\/wp-content\/uploads\/2020\/09\/a-Shannon-768x460.jpg 768w, https:\/\/lamas-stuttgart.de\/wp-content\/uploads\/2020\/09\/a-Shannon-1536x921.jpg 1536w, https:\/\/lamas-stuttgart.de\/wp-content\/uploads\/2020\/09\/a-Shannon-2048x1228.jpg 2048w, https:\/\/lamas-stuttgart.de\/wp-content\/uploads\/2020\/09\/a-Shannon.jpg 1000w\" sizes=\"(max-width: 300px) 100vw, 300px\" \/>&#8222;Shannon&#8220;, Suri-Lama, geb. 2013.<\/strong><br \/><\/span><span id=\"u20125-3\" class=\"Akkordeon-Text-2\">Unser Sunnyboy, der immer aussieht, als ob er l\u00e4cheln w\u00fcrde. Er hat die seltene Farbe &#8222;Rose-Grey&#8220; und stammt wie sein Halbbruder &#8222;Aramis&#8220; aus der Schweiz.<\/span><\/p><\/div>\n\t\t\t\t<\/div>\n\t\t\t\t\t\t\t<div class=\"elementor-accordion-item\">\n\t\t\t\t\t<div id=\"elementor-tab-title-88911\" class=\"elementor-tab-title\" data-tab=\"11\" role=\"button\" aria-controls=\"elementor-tab-content-88911\" aria-expanded=\"false\">\n\t\t\t\t\t\t\t\t\t\t\t\t<a class=\"elementor-accordion-title\" tabindex=\"0\">Tamino<\/a>\n\t\t\t\t\t<\/div>\n\t\t\t\t\t<div id=\"elementor-tab-content-88911\" class=\"elementor-tab-content elementor-clearfix\" data-tab=\"11\" role=\"region\" aria-labelledby=\"elementor-tab-title-88911\"><p id=\"u19377-2\"><span id=\"u19377\" class=\"Akkordeon-570-Head\"><strong><img loading=\"lazy\" decoding=\"async\" class=\"alignnone size-medium wp-image-49\" src=\"https:\/\/lamas-stuttgart.de\/wp-content\/uploads\/2020\/09\/a-Tamino-300x180.jpg\" alt=\"\" width=\"300\" height=\"180\" srcset=\"https:\/\/lamas-stuttgart.de\/wp-content\/uploads\/2020\/09\/a-Tamino-300x180.jpg 300w, https:\/\/lamas-stuttgart.de\/wp-content\/uploads\/2020\/09\/a-Tamino-1024x614.jpg 1024w, https:\/\/lamas-stuttgart.de\/wp-content\/uploads\/2020\/09\/a-Tamino-768x460.jpg 768w, https:\/\/lamas-stuttgart.de\/wp-content\/uploads\/2020\/09\/a-Tamino-1536x921.jpg 1536w, https:\/\/lamas-stuttgart.de\/wp-content\/uploads\/2020\/09\/a-Tamino-2048x1228.jpg 2048w, https:\/\/lamas-stuttgart.de\/wp-content\/uploads\/2020\/09\/a-Tamino.jpg 1000w\" sizes=\"(max-width: 300px) 100vw, 300px\" \/>\u201eTamino\u201c, Classic Llama, geb. 2007<\/strong><br \/><\/span><span id=\"u19377-3\" class=\"Akkordeon-Text-2\">Einer, auf den man sich immer verlassen kann \u2013 und der W\u00e4chter \u00fcber die ganze Herde!<\/span><\/p><\/div>\n\t\t\t\t<\/div>\n\t\t\t\t\t\t\t<div class=\"elementor-accordion-item\">\n\t\t\t\t\t<div id=\"elementor-tab-title-88912\" class=\"elementor-tab-title\" data-tab=\"12\" role=\"button\" aria-controls=\"elementor-tab-content-88912\" aria-expanded=\"false\">\n\t\t\t\t\t\t\t\t\t\t\t\t<a class=\"elementor-accordion-title\" tabindex=\"0\">los tres bandidos<\/a>\n\t\t\t\t\t<\/div>\n\t\t\t\t\t<div id=\"elementor-tab-content-88912\" class=\"elementor-tab-content elementor-clearfix\" data-tab=\"12\" role=\"region\" aria-labelledby=\"elementor-tab-title-88912\"><p><img loading=\"lazy\" decoding=\"async\" class=\"size-medium wp-image-168\" src=\"https:\/\/lamas-stuttgart.de\/wp-content\/uploads\/2020\/10\/3_bandidos-300x180.jpg\" alt=\"\" width=\"300\" height=\"180\" srcset=\"https:\/\/lamas-stuttgart.de\/wp-content\/uploads\/2020\/10\/3_bandidos-300x180.jpg 300w, https:\/\/lamas-stuttgart.de\/wp-content\/uploads\/2020\/10\/3_bandidos-1024x614.jpg 1024w, https:\/\/lamas-stuttgart.de\/wp-content\/uploads\/2020\/10\/3_bandidos-768x460.jpg 768w, https:\/\/lamas-stuttgart.de\/wp-content\/uploads\/2020\/10\/3_bandidos-1536x921.jpg 1536w, https:\/\/lamas-stuttgart.de\/wp-content\/uploads\/2020\/10\/3_bandidos-2048x1228.jpg 2048w, https:\/\/lamas-stuttgart.de\/wp-content\/uploads\/2020\/10\/3_bandidos.jpg 1000w\" sizes=\"(max-width: 300px) 100vw, 300px\" \/><\/p><p>&#8222;Habakuk&#8220;: Hengst, geb. 2015. Seine graue Farbe ist besonders gefragt und recht selten. Als Erstes f\u00e4llt nat\u00fcrlich seine stylische Frisur ins Auge! Er steht als Deckhengst zur Verf\u00fcgung!<\/p><p>&#8222;Campino&#8220;: Hengst, geb. 2015. Hat den gleichen hippen Friseur wie Habakuk und Kaishan und ist &#8222;Best Buddy&#8220; von Habakuk &#8211; die beiden sind unzertrennlich. War ebenfalls bereits als Deckhengst im Einsatz!<\/p><p>&#8222;Kaishan&#8220;: Hengst, geb. 2011. Ist ein sehr anlehnungsbed\u00fcrftiges, zutrauliches Tier und ebenfalls fester Bestandteil der &#8222;Tres Bandidos&#8220;. Er steht auch als Deckhengst zur Verf\u00fcgung!<\/p><p>\u00a0<\/p><\/div>\n\t\t\t\t<\/div>\n\t\t\t\t\t\t\t<div class=\"elementor-accordion-item\">\n\t\t\t\t\t<div id=\"elementor-tab-title-88913\" class=\"elementor-tab-title\" data-tab=\"13\" role=\"button\" aria-controls=\"elementor-tab-content-88913\" aria-expanded=\"false\">\n\t\t\t\t\t\t\t\t\t\t\t\t<a class=\"elementor-accordion-title\" tabindex=\"0\"><\/a>\n\t\t\t\t\t<\/div>\n\t\t\t\t\t<div id=\"elementor-tab-content-88913\" class=\"elementor-tab-content elementor-clearfix\" data-tab=\"13\" role=\"region\" aria-labelledby=\"elementor-tab-title-88913\"><\/div>\n\t\t\t\t<\/div>\n\t\t\t\t\t\t\t\t<\/div>\n\t\t\t\t\t\t<\/div>\n\t\t\t\t<\/div>\n\t\t\t\t\t<\/div>\n\t\t<\/div>\n\t\t\t\t\t<\/div>\n\t\t<\/section>\n\t\t\t\t<\/div>\n\t\t","protected":false},"excerpt":{"rendered":"<p>https:\/\/www.youtube.com\/watch?time_continue=13&#038;v=UerNKE0ckgI&#038;feature=emb_logo \u00dcber unsere Lamas und Alpakas\u200b F\u00fcr Unternehmungen mit unseren G\u00e4sten stehen insgesamt 13 Tiere zur Verf\u00fcgung &#8211; 7 Lamas und 6 Alpakas. Es sind 8 Wallache und 5 Hengste, die auch als Deckhengste zur Verf\u00fcgung stehen. Unter den Lamas sind auch zwei seltenere Suris mit ihrem gl\u00e4nzenden, welligen Vlies. Au\u00dferdem gibt es noch ein [&hellip;]<\/p>\n","protected":false},"author":1,"featured_media":0,"parent":0,"menu_order":0,"comment_status":"closed","ping_status":"closed","template":"elementor_header_footer","meta":{"footnotes":""},"class_list":["post-5","page","type-page","status-publish","hentry","entry"],"_links":{"self":[{"href":"https:\/\/lamas-stuttgart.de\/index.php\/wp-json\/wp\/v2\/pages\/5","targetHints":{"allow":["GET"]}}],"collection":[{"href":"https:\/\/lamas-stuttgart.de\/index.php\/wp-json\/wp\/v2\/pages"}],"about":[{"href":"https:\/\/lamas-stuttgart.de\/index.php\/wp-json\/wp\/v2\/types\/page"}],"author":[{"embeddable":true,"href":"https:\/\/lamas-stuttgart.de\/index.php\/wp-json\/wp\/v2\/users\/1"}],"replies":[{"embeddable":true,"href":"https:\/\/lamas-stuttgart.de\/index.php\/wp-json\/wp\/v2\/comments?post=5"}],"version-history":[{"count":1,"href":"https:\/\/lamas-stuttgart.de\/index.php\/wp-json\/wp\/v2\/pages\/5\/revisions"}],"predecessor-version":[{"id":238,"href":"https:\/\/lamas-stuttgart.de\/index.php\/wp-json\/wp\/v2\/pages\/5\/revisions\/238"}],"wp:attachment":[{"href":"https:\/\/lamas-stuttgart.de\/index.php\/wp-json\/wp\/v2\/media?parent=5"}],"curies":[{"name":"wp","href":"https:\/\/api.w.org\/{rel}","templated":true}]}}