{"id":122,"date":"2020-09-29T15:20:20","date_gmt":"2020-09-29T15:20:20","guid":{"rendered":"https:\/\/lamas-stuttgart.de\/?page_id=122"},"modified":"2020-10-07T09:42:36","modified_gmt":"2020-10-07T09:42:36","slug":"besonderes","status":"publish","type":"page","link":"https:\/\/lamas-stuttgart.de\/index.php\/besonderes\/","title":{"rendered":"Besonderes"},"content":{"rendered":"\t\t<div data-elementor-type=\"wp-page\" data-elementor-id=\"122\" class=\"elementor elementor-122\">\n\t\t\t\t\t\t<section class=\"elementor-section elementor-top-section elementor-element elementor-element-5db85ed elementor-section-full_width elementor-section-stretched elementor-section-height-min-height elementor-section-height-default elementor-section-items-middle\" data-id=\"5db85ed\" data-element_type=\"section\" data-settings=\"{&quot;stretch_section&quot;:&quot;section-stretched&quot;}\">\n\t\t\t\t\t\t<div class=\"elementor-container elementor-column-gap-default\">\n\t\t\t\t\t<div class=\"elementor-column elementor-col-100 elementor-top-column elementor-element elementor-element-49e593b\" data-id=\"49e593b\" data-element_type=\"column\">\n\t\t\t<div class=\"elementor-widget-wrap elementor-element-populated\">\n\t\t\t\t\t\t<div class=\"elementor-element elementor-element-5101256 elementor-widget__width-inherit elementor-widget elementor-widget-image\" data-id=\"5101256\" data-element_type=\"widget\" data-widget_type=\"image.default\">\n\t\t\t\t<div class=\"elementor-widget-container\">\n\t\t\t\t\t\t\t\t\t\t\t\t\t\t\t<img fetchpriority=\"high\" decoding=\"async\" width=\"1024\" height=\"171\" src=\"https:\/\/lamas-stuttgart.de\/wp-content\/uploads\/2020\/09\/head_besonderes-1024x171.jpg\" class=\"attachment-large size-large wp-image-125\" alt=\"\" srcset=\"https:\/\/lamas-stuttgart.de\/wp-content\/uploads\/2020\/09\/head_besonderes-1024x171.jpg 1024w, https:\/\/lamas-stuttgart.de\/wp-content\/uploads\/2020\/09\/head_besonderes-300x50.jpg 300w, https:\/\/lamas-stuttgart.de\/wp-content\/uploads\/2020\/09\/head_besonderes-768x128.jpg 768w, https:\/\/lamas-stuttgart.de\/wp-content\/uploads\/2020\/09\/head_besonderes-1536x256.jpg 1536w, https:\/\/lamas-stuttgart.de\/wp-content\/uploads\/2020\/09\/head_besonderes-2048x341.jpg 2048w, https:\/\/lamas-stuttgart.de\/wp-content\/uploads\/2020\/09\/head_besonderes-scaled.jpg 1000w\" sizes=\"(max-width: 1024px) 100vw, 1024px\" \/>\t\t\t\t\t\t\t\t\t\t\t\t\t\t\t<\/div>\n\t\t\t\t<\/div>\n\t\t\t\t\t<\/div>\n\t\t<\/div>\n\t\t\t\t\t<\/div>\n\t\t<\/section>\n\t\t\t\t<section class=\"elementor-section elementor-top-section elementor-element elementor-element-0d4290b elementor-section-boxed elementor-section-height-default elementor-section-height-default\" data-id=\"0d4290b\" data-element_type=\"section\">\n\t\t\t\t\t\t<div class=\"elementor-container elementor-column-gap-default\">\n\t\t\t\t\t<div class=\"elementor-column elementor-col-100 elementor-top-column elementor-element elementor-element-d6a89df\" data-id=\"d6a89df\" data-element_type=\"column\">\n\t\t\t<div class=\"elementor-widget-wrap elementor-element-populated\">\n\t\t\t\t\t\t<div class=\"elementor-element elementor-element-bc8036d elementor-widget elementor-widget-spacer\" data-id=\"bc8036d\" data-element_type=\"widget\" data-widget_type=\"spacer.default\">\n\t\t\t\t<div class=\"elementor-widget-container\">\n\t\t\t\t\t\t\t<div class=\"elementor-spacer\">\n\t\t\t<div class=\"elementor-spacer-inner\"><\/div>\n\t\t<\/div>\n\t\t\t\t\t\t<\/div>\n\t\t\t\t<\/div>\n\t\t\t\t<div class=\"elementor-element elementor-element-d2ea758 elementor-widget elementor-widget-text-editor\" data-id=\"d2ea758\" data-element_type=\"widget\" data-widget_type=\"text-editor.default\">\n\t\t\t\t<div class=\"elementor-widget-container\">\n\t\t\t\t\t\t\t\t\t<p id=\"u8995-2\"><strong>Was es sonst noch gibt<\/strong><\/p><p>Einmal im Jahr werden die Tiere von einem mobilen Scherer von ihrer Wolle befreit. Die hochwertige Lama- und Alpakafaser wird in der Naturfaserm\u00fchle von Conny B\u00f6hme zu Strickgarn unterschiedlicher St\u00e4rke verarbeitet. Wir bieten s\u00e4mtliche Naturt\u00f6ne von wei\u00df \u00fcber braun, meliert bis schwarz an. Ein Teil der wei\u00dfen Wolle wird noch von Hand in vielerlei Farben eingef\u00e4rbt.<\/p><p id=\"u8995-5\">Wir bieten auch noch Umh\u00e4ngetaschen aus Filz mit Lama-\/Alpaka-Applikationen an (ebenfalls verschiedene Farbkombinationen).<\/p><p>Und die mit duftendem Lavendel gef\u00fcllten Filz- und Pl\u00fcschlamas. Die Filzlamas sind liebevoll von Hand gen\u00e4ht.<\/p><div>\u00a0<\/div>\t\t\t\t\t\t\t\t<\/div>\n\t\t\t\t<\/div>\n\t\t\t\t<div class=\"elementor-element elementor-element-1ce2772 gallery-spacing-custom elementor-widget elementor-widget-image-gallery\" data-id=\"1ce2772\" data-element_type=\"widget\" data-widget_type=\"image-gallery.default\">\n\t\t\t\t<div class=\"elementor-widget-container\">\n\t\t\t\t\t\t\t<div class=\"elementor-image-gallery\">\n\t\t\t<div id='gallery-1' class='gallery galleryid-122 gallery-columns-3 gallery-size-medium_large'><figure class='gallery-item'>\n\t\t\t<div class='gallery-icon landscape'>\n\t\t\t\t<a data-elementor-open-lightbox=\"yes\" data-elementor-lightbox-slideshow=\"1ce2772\" data-elementor-lightbox-title=\"1besonderes\" data-e-action-hash=\"#elementor-action%3Aaction%3Dlightbox%26settings%3DeyJpZCI6MTI2LCJ1cmwiOiJodHRwczpcL1wvbGFtYXMtc3R1dHRnYXJ0LmRlXC93cC1jb250ZW50XC91cGxvYWRzXC8yMDIwXC8wOVwvMWJlc29uZGVyZXMuanBnIiwic2xpZGVzaG93IjoiMWNlMjc3MiJ9\" href='https:\/\/lamas-stuttgart.de\/wp-content\/uploads\/2020\/09\/1besonderes.jpg'><img decoding=\"async\" width=\"768\" height=\"460\" src=\"https:\/\/lamas-stuttgart.de\/wp-content\/uploads\/2020\/09\/1besonderes-768x460.jpg\" class=\"attachment-medium_large size-medium_large\" alt=\"\" srcset=\"https:\/\/lamas-stuttgart.de\/wp-content\/uploads\/2020\/09\/1besonderes-768x460.jpg 768w, https:\/\/lamas-stuttgart.de\/wp-content\/uploads\/2020\/09\/1besonderes-300x180.jpg 300w, https:\/\/lamas-stuttgart.de\/wp-content\/uploads\/2020\/09\/1besonderes-1024x614.jpg 1024w, https:\/\/lamas-stuttgart.de\/wp-content\/uploads\/2020\/09\/1besonderes-1536x921.jpg 1536w, https:\/\/lamas-stuttgart.de\/wp-content\/uploads\/2020\/09\/1besonderes-2048x1228.jpg 2048w, https:\/\/lamas-stuttgart.de\/wp-content\/uploads\/2020\/09\/1besonderes.jpg 1000w\" sizes=\"(max-width: 768px) 100vw, 768px\" \/><\/a>\n\t\t\t<\/div><\/figure><figure class='gallery-item'>\n\t\t\t<div class='gallery-icon landscape'>\n\t\t\t\t<a data-elementor-open-lightbox=\"yes\" data-elementor-lightbox-slideshow=\"1ce2772\" data-elementor-lightbox-title=\"2besonderes\" data-e-action-hash=\"#elementor-action%3Aaction%3Dlightbox%26settings%3DeyJpZCI6MTI3LCJ1cmwiOiJodHRwczpcL1wvbGFtYXMtc3R1dHRnYXJ0LmRlXC93cC1jb250ZW50XC91cGxvYWRzXC8yMDIwXC8wOVwvMmJlc29uZGVyZXMuanBnIiwic2xpZGVzaG93IjoiMWNlMjc3MiJ9\" href='https:\/\/lamas-stuttgart.de\/wp-content\/uploads\/2020\/09\/2besonderes.jpg'><img decoding=\"async\" width=\"768\" height=\"460\" src=\"https:\/\/lamas-stuttgart.de\/wp-content\/uploads\/2020\/09\/2besonderes-768x460.jpg\" class=\"attachment-medium_large size-medium_large\" alt=\"\" srcset=\"https:\/\/lamas-stuttgart.de\/wp-content\/uploads\/2020\/09\/2besonderes-768x460.jpg 768w, https:\/\/lamas-stuttgart.de\/wp-content\/uploads\/2020\/09\/2besonderes-300x180.jpg 300w, https:\/\/lamas-stuttgart.de\/wp-content\/uploads\/2020\/09\/2besonderes-1024x614.jpg 1024w, https:\/\/lamas-stuttgart.de\/wp-content\/uploads\/2020\/09\/2besonderes-1536x921.jpg 1536w, https:\/\/lamas-stuttgart.de\/wp-content\/uploads\/2020\/09\/2besonderes-2048x1228.jpg 2048w, https:\/\/lamas-stuttgart.de\/wp-content\/uploads\/2020\/09\/2besonderes.jpg 1000w\" sizes=\"(max-width: 768px) 100vw, 768px\" \/><\/a>\n\t\t\t<\/div><\/figure><figure class='gallery-item'>\n\t\t\t<div class='gallery-icon landscape'>\n\t\t\t\t<a data-elementor-open-lightbox=\"yes\" data-elementor-lightbox-slideshow=\"1ce2772\" data-elementor-lightbox-title=\"3besonderes\" data-e-action-hash=\"#elementor-action%3Aaction%3Dlightbox%26settings%3DeyJpZCI6MTI4LCJ1cmwiOiJodHRwczpcL1wvbGFtYXMtc3R1dHRnYXJ0LmRlXC93cC1jb250ZW50XC91cGxvYWRzXC8yMDIwXC8wOVwvM2Jlc29uZGVyZXMuanBnIiwic2xpZGVzaG93IjoiMWNlMjc3MiJ9\" href='https:\/\/lamas-stuttgart.de\/wp-content\/uploads\/2020\/09\/3besonderes.jpg'><img loading=\"lazy\" decoding=\"async\" width=\"768\" height=\"460\" src=\"https:\/\/lamas-stuttgart.de\/wp-content\/uploads\/2020\/09\/3besonderes-768x460.jpg\" class=\"attachment-medium_large size-medium_large\" alt=\"\" srcset=\"https:\/\/lamas-stuttgart.de\/wp-content\/uploads\/2020\/09\/3besonderes-768x460.jpg 768w, https:\/\/lamas-stuttgart.de\/wp-content\/uploads\/2020\/09\/3besonderes-300x180.jpg 300w, https:\/\/lamas-stuttgart.de\/wp-content\/uploads\/2020\/09\/3besonderes-1024x614.jpg 1024w, https:\/\/lamas-stuttgart.de\/wp-content\/uploads\/2020\/09\/3besonderes-1536x921.jpg 1536w, https:\/\/lamas-stuttgart.de\/wp-content\/uploads\/2020\/09\/3besonderes-2048x1228.jpg 2048w, https:\/\/lamas-stuttgart.de\/wp-content\/uploads\/2020\/09\/3besonderes.jpg 1000w\" sizes=\"(max-width: 768px) 100vw, 768px\" \/><\/a>\n\t\t\t<\/div><\/figure><figure class='gallery-item'>\n\t\t\t<div class='gallery-icon landscape'>\n\t\t\t\t<a data-elementor-open-lightbox=\"yes\" data-elementor-lightbox-slideshow=\"1ce2772\" data-elementor-lightbox-title=\"filzis\" data-e-action-hash=\"#elementor-action%3Aaction%3Dlightbox%26settings%3DeyJpZCI6MTcwLCJ1cmwiOiJodHRwczpcL1wvbGFtYXMtc3R1dHRnYXJ0LmRlXC93cC1jb250ZW50XC91cGxvYWRzXC8yMDIwXC8xMFwvZmlsemlzLmpwZyIsInNsaWRlc2hvdyI6IjFjZTI3NzIifQ%3D%3D\" href='https:\/\/lamas-stuttgart.de\/wp-content\/uploads\/2020\/10\/filzis.jpg'><img loading=\"lazy\" decoding=\"async\" width=\"768\" height=\"460\" src=\"https:\/\/lamas-stuttgart.de\/wp-content\/uploads\/2020\/10\/filzis-768x460.jpg\" class=\"attachment-medium_large size-medium_large\" alt=\"\" srcset=\"https:\/\/lamas-stuttgart.de\/wp-content\/uploads\/2020\/10\/filzis-768x460.jpg 768w, https:\/\/lamas-stuttgart.de\/wp-content\/uploads\/2020\/10\/filzis-300x180.jpg 300w, https:\/\/lamas-stuttgart.de\/wp-content\/uploads\/2020\/10\/filzis-1024x614.jpg 1024w, https:\/\/lamas-stuttgart.de\/wp-content\/uploads\/2020\/10\/filzis-1536x921.jpg 1536w, https:\/\/lamas-stuttgart.de\/wp-content\/uploads\/2020\/10\/filzis-2048x1228.jpg 2048w, https:\/\/lamas-stuttgart.de\/wp-content\/uploads\/2020\/10\/filzis.jpg 1000w\" sizes=\"(max-width: 768px) 100vw, 768px\" \/><\/a>\n\t\t\t<\/div><\/figure><figure class='gallery-item'>\n\t\t\t<div class='gallery-icon landscape'>\n\t\t\t\t<a data-elementor-open-lightbox=\"yes\" data-elementor-lightbox-slideshow=\"1ce2772\" data-elementor-lightbox-title=\"plu\u0308schis\" data-e-action-hash=\"#elementor-action%3Aaction%3Dlightbox%26settings%3DeyJpZCI6MTcxLCJ1cmwiOiJodHRwczpcL1wvbGFtYXMtc3R1dHRnYXJ0LmRlXC93cC1jb250ZW50XC91cGxvYWRzXC8yMDIwXC8xMFwvcGx1XHUwMzA4c2NoaXMuanBnIiwic2xpZGVzaG93IjoiMWNlMjc3MiJ9\" href='https:\/\/lamas-stuttgart.de\/wp-content\/uploads\/2020\/10\/plu\u0308schis.jpg'><img loading=\"lazy\" decoding=\"async\" width=\"768\" height=\"460\" src=\"https:\/\/lamas-stuttgart.de\/wp-content\/uploads\/2020\/10\/plu\u0308schis-768x460.jpg\" class=\"attachment-medium_large size-medium_large\" alt=\"\" srcset=\"https:\/\/lamas-stuttgart.de\/wp-content\/uploads\/2020\/10\/plu\u0308schis-768x460.jpg 768w, https:\/\/lamas-stuttgart.de\/wp-content\/uploads\/2020\/10\/plu\u0308schis-300x180.jpg 300w, https:\/\/lamas-stuttgart.de\/wp-content\/uploads\/2020\/10\/plu\u0308schis-1024x614.jpg 1024w, https:\/\/lamas-stuttgart.de\/wp-content\/uploads\/2020\/10\/plu\u0308schis-1536x921.jpg 1536w, https:\/\/lamas-stuttgart.de\/wp-content\/uploads\/2020\/10\/plu\u0308schis-2048x1228.jpg 2048w, https:\/\/lamas-stuttgart.de\/wp-content\/uploads\/2020\/10\/plu\u0308schis.jpg 1000w\" sizes=\"(max-width: 768px) 100vw, 768px\" \/><\/a>\n\t\t\t<\/div><\/figure>\n\t\t<\/div>\n\t\t<\/div>\n\t\t\t\t\t\t<\/div>\n\t\t\t\t<\/div>\n\t\t\t\t\t<\/div>\n\t\t<\/div>\n\t\t\t\t\t<\/div>\n\t\t<\/section>\n\t\t\t\t<\/div>\n\t\t","protected":false},"excerpt":{"rendered":"<p>Was es sonst noch gibt Einmal im Jahr werden die Tiere von einem mobilen Scherer von ihrer Wolle befreit. Die hochwertige Lama- und Alpakafaser wird in der Naturfaserm\u00fchle von Conny B\u00f6hme zu Strickgarn unterschiedlicher St\u00e4rke verarbeitet. Wir bieten s\u00e4mtliche Naturt\u00f6ne von wei\u00df \u00fcber braun, meliert bis schwarz an. Ein Teil der wei\u00dfen Wolle wird noch [&hellip;]<\/p>\n","protected":false},"author":1,"featured_media":0,"parent":0,"menu_order":0,"comment_status":"closed","ping_status":"closed","template":"elementor_header_footer","meta":{"footnotes":""},"class_list":["post-122","page","type-page","status-publish","hentry","entry"],"_links":{"self":[{"href":"https:\/\/lamas-stuttgart.de\/index.php\/wp-json\/wp\/v2\/pages\/122","targetHints":{"allow":["GET"]}}],"collection":[{"href":"https:\/\/lamas-stuttgart.de\/index.php\/wp-json\/wp\/v2\/pages"}],"about":[{"href":"https:\/\/lamas-stuttgart.de\/index.php\/wp-json\/wp\/v2\/types\/page"}],"author":[{"embeddable":true,"href":"https:\/\/lamas-stuttgart.de\/index.php\/wp-json\/wp\/v2\/users\/1"}],"replies":[{"embeddable":true,"href":"https:\/\/lamas-stuttgart.de\/index.php\/wp-json\/wp\/v2\/comments?post=122"}],"version-history":[{"count":0,"href":"https:\/\/lamas-stuttgart.de\/index.php\/wp-json\/wp\/v2\/pages\/122\/revisions"}],"wp:attachment":[{"href":"https:\/\/lamas-stuttgart.de\/index.php\/wp-json\/wp\/v2\/media?parent=122"}],"curies":[{"name":"wp","href":"https:\/\/api.w.org\/{rel}","templated":true}]}}